{"id":789,"date":"2013-11-06T19:06:36","date_gmt":"2013-11-06T19:06:36","guid":{"rendered":"http:\/\/hostalnativo.cl\/es\/?page_id=789"},"modified":"2014-08-05T01:11:20","modified_gmt":"2014-08-05T01:11:20","slug":"cabana-el-parador","status":"publish","type":"page","link":"https:\/\/hostalnativo.cl\/es\/?page_id=789","title":{"rendered":"CABA\u00d1A EL PARADOR"},"content":{"rendered":"<p style=\"text-align: center;\"><strong>CABA\u00d1A EL PARADOR<\/strong><\/p>\n<p style=\"text-align: center;\">Ubicada a 8 KM de Lonquimay, camino internacional hacia Liecura, con capacidad m\u00e1xima 8 personas.\u00a0 Completamente equipada, cuatro ba\u00f1os, sal\u00f3n amplio, estacionamiento para tres veh\u00edculos, tv cable.<br \/>\nMuy c\u00f3moda y confortable, ideal para jornadas de trabajo.<\/p>\n<p style=\"text-align: center;\">&nbsp;<\/p>\n<p style=\"text-align: center;\"><a href=\"http:\/\/hostalnativo.cl\/es\/wp-content\/uploads\/2013\/11\/foto-1.bmp\"><img loading=\"lazy\" decoding=\"async\" class=\"aligncenter size-full wp-image-790\" title=\"CABA\u00d1A LONQUIMAY\" src=\"http:\/\/hostalnativo.cl\/es\/wp-content\/uploads\/2013\/11\/foto-1.bmp\" alt=\"CABA\u00d1A LONQUIMAY, MALACAHUELLO, CORRALCO\" width=\"396\" height=\"381\" \/><\/a><\/p>\n<p><a href=\"http:\/\/hostalnativo.cl\/es\/wp-content\/uploads\/2013\/11\/foto-2.bmp\"><img loading=\"lazy\" decoding=\"async\" class=\"aligncenter size-full wp-image-791\" title=\"CABA\u00d1A LONQUIMAY\" src=\"http:\/\/hostalnativo.cl\/es\/wp-content\/uploads\/2013\/11\/foto-2.bmp\" alt=\"CORRALCO , MALALCAHUELLO\" width=\"400\" height=\"352\" \/><\/a><\/p>\n<p><a href=\"http:\/\/hostalnativo.cl\/es\/wp-content\/uploads\/2013\/11\/foto-3.bmp\"><img loading=\"lazy\" decoding=\"async\" class=\"aligncenter size-full wp-image-792\" title=\"CABA\u00d1A LONQUIMAY\" src=\"http:\/\/hostalnativo.cl\/es\/wp-content\/uploads\/2013\/11\/foto-3.bmp\" alt=\"CORALCO , MALALCAHUELLO\" width=\"397\" height=\"345\" \/><\/a><\/p>\n<p><a href=\"http:\/\/hostalnativo.cl\/es\/wp-content\/uploads\/2013\/11\/foto-4.bmp\"><img loading=\"lazy\" decoding=\"async\" class=\"aligncenter size-full wp-image-793\" title=\"CABA\u00d1A LONQUIMAY\" src=\"http:\/\/hostalnativo.cl\/es\/wp-content\/uploads\/2013\/11\/foto-4.bmp\" alt=\"CORRALCO , MALALCAHUELLO\" width=\"378\" height=\"371\" \/><\/a><\/p>\n<p><a href=\"http:\/\/hostalnativo.cl\/es\/wp-content\/uploads\/2013\/11\/foto-5.bmp\"><img loading=\"lazy\" decoding=\"async\" class=\"aligncenter size-full wp-image-794\" title=\"CABA\u00d1A LONQUIMAY\" src=\"http:\/\/hostalnativo.cl\/es\/wp-content\/uploads\/2013\/11\/foto-5.bmp\" alt=\"CORRALCO , MALALCAHUELLO\" width=\"383\" height=\"348\" \/><\/a><\/p>\n","protected":false},"excerpt":{"rendered":"<p>CABA\u00d1A EL PARADOR Ubicada a 8 KM de Lonquimay, camino internacional hacia Liecura, con capacidad m\u00e1xima 8 personas.\u00a0 Completamente equipada, cuatro ba\u00f1os, sal\u00f3n amplio, estacionamiento para tres veh\u00edculos, tv cable. Muy c\u00f3moda y confortable, ideal para jornadas de trabajo. &nbsp;<\/p>\n","protected":false},"author":1,"featured_media":0,"parent":0,"menu_order":0,"comment_status":"open","ping_status":"open","template":"","meta":{"footnotes":""},"_links":{"self":[{"href":"https:\/\/hostalnativo.cl\/es\/index.php?rest_route=\/wp\/v2\/pages\/789"}],"collection":[{"href":"https:\/\/hostalnativo.cl\/es\/index.php?rest_route=\/wp\/v2\/pages"}],"about":[{"href":"https:\/\/hostalnativo.cl\/es\/index.php?rest_route=\/wp\/v2\/types\/page"}],"author":[{"embeddable":true,"href":"https:\/\/hostalnativo.cl\/es\/index.php?rest_route=\/wp\/v2\/users\/1"}],"replies":[{"embeddable":true,"href":"https:\/\/hostalnativo.cl\/es\/index.php?rest_route=%2Fwp%2Fv2%2Fcomments&post=789"}],"version-history":[{"count":3,"href":"https:\/\/hostalnativo.cl\/es\/index.php?rest_route=\/wp\/v2\/pages\/789\/revisions"}],"predecessor-version":[{"id":871,"href":"https:\/\/hostalnativo.cl\/es\/index.php?rest_route=\/wp\/v2\/pages\/789\/revisions\/871"}],"wp:attachment":[{"href":"https:\/\/hostalnativo.cl\/es\/index.php?rest_route=%2Fwp%2Fv2%2Fmedia&parent=789"}],"curies":[{"name":"wp","href":"https:\/\/api.w.org\/{rel}","templated":true}]}}